{"id":348,"date":"2026-05-13T12:40:47","date_gmt":"2026-05-13T12:40:47","guid":{"rendered":"https:\/\/selma.se\/?page_id=348"},"modified":"2026-06-30T19:15:05","modified_gmt":"2026-06-30T19:15:05","slug":"blog-om-digital-tilgaengelighed-og-wcag","status":"publish","type":"page","link":"https:\/\/selma.se\/da\/blogg-om-digital-tillganglighet-och-wcag\/","title":{"rendered":"Blog"},"content":{"rendered":"<div data-elementor-type=\"wp-page\" data-elementor-id=\"348\" class=\"elementor elementor-348\" data-elementor-post-type=\"page\">\n\t\t\t\t<div class=\"elementor-element elementor-element-387ef2f e-flex e-con-boxed e-con e-parent\" data-id=\"387ef2f\" data-element_type=\"container\" data-e-type=\"container\" data-settings=\"{&quot;animation_tablet&quot;:&quot;fadeInUp&quot;,&quot;background_background&quot;:&quot;classic&quot;,&quot;shape_divider_bottom&quot;:&quot;clouds&quot;,&quot;shape_divider_bottom_negative&quot;:&quot;yes&quot;,&quot;animation_mobile&quot;:&quot;none&quot;}\">\n\t\t\t\t\t<div class=\"e-con-inner\">\n\t\t\t\t<div class=\"elementor-shape elementor-shape-bottom\" aria-hidden=\"true\" data-negative=\"true\">\n\t\t\t<svg xmlns=\"http:\/\/www.w3.org\/2000\/svg\" viewbox=\"0 0 283.5 27.8\" preserveaspectratio=\"xMidYMax slice\">\n\t<path class=\"elementor-shape-fill\" d=\"M265.8 3.5c-10.9 0-15.9 6.2-15.9 6.2s-3.6-3.5-9.2-.9c-9.1 4.1-4.4 13.4-4.4 13.4s-1.2.2-1.9.9c-.6.7-.5 1.9-.5 1.9s-1-.5-2.3-.2c-1.3.3-1.6 1.4-1.6 1.4s.4-3.4-1.5-5c-3.9-3.4-8.3-.2-8.3-.2s-.6-.7-.9-.9c-.4-.2-1.2-.2-1.2-.2s-4.4-3.6-11.5-2.6-10.4 7.9-10.4 7.9-.5-3.3-3.9-4.9c-4.8-2.4-7.4 0-7.4 0s2.4-4.1-1.9-6.4-6.2 1.2-6.2 1.2-.9-.5-2.1-.5-2.3 1.1-2.3 1.1.1-.7-1.1-1.1c-1.2-.4-2 0-2 0s3.6-6.8-3.5-8.9c-6-1.8-7.9 2.6-8.4 4-.1-.3-.4-.7-.9-1.1-1-.7-1.3-.5-1.3-.5s1-4-1.7-5.2c-2.7-1.2-4.2 1.1-4.2 1.1s-3.1-1-5.7 1.4-2.1 5.5-2.1 5.5-.9 0-2.1.7-1.4 1.7-1.4 1.7-1.7-1.2-4.3-1.2c-2.6 0-4.5 1.2-4.5 1.2s-.7-1.5-2.8-2.4c-2.1-.9-4 0-4 0s2.6-5.9-4.7-9c-7.3-3.1-12.6 3.3-12.6 3.3s-.9 0-1.9.2c-.9.2-1.5.9-1.5.9S99.4 3 94.9 3.9c-4.5.9-5.7 5.7-5.7 5.7s-2.8-5-12.3-3.9-11.1 6-11.1 6-1.2-1.4-4-.7c-.8.2-1.3.5-1.8.9-.9-2.1-2.7-4.9-6.2-4.4-3.2.4-4 2.2-4 2.2s-.5-.7-1.2-.7h-1.4s-.5-.9-1.7-1.4-2.4 0-2.4 0-2.4-1.2-4.7 0-3.1 4.1-3.1 4.1-1.7-1.4-3.6-.7c-1.9.7-1.9 2.8-1.9 2.8s-.5-.5-1.7-.2c-1.2.2-1.4.7-1.4.7s-.7-2.3-2.8-2.8c-2.1-.5-4.3.2-4.3.2s-1.7-5-11.1-6c-3.8-.4-6.6.2-8.5 1v21.2h283.5V11.1c-.9.2-1.6.4-1.6.4s-5.2-8-16.1-8z\"\/>\n<\/svg>\n\t\t<\/div>\n\t\t<div class=\"elementor-element elementor-element-79dd065 e-flex e-con-boxed e-con e-child\" data-id=\"79dd065\" data-element_type=\"container\" data-e-type=\"container\">\n\t\t\t\t\t<div class=\"e-con-inner\">\n\t\t<div class=\"elementor-element elementor-element-c569485 e-con-full e-flex e-con e-child\" data-id=\"c569485\" data-element_type=\"container\" data-e-type=\"container\">\n\t\t\t\t<div class=\"elementor-element elementor-element-2683d47 elementor-widget elementor-widget-image\" data-id=\"2683d47\" data-element_type=\"widget\" data-e-type=\"widget\" data-widget_type=\"image.default\">\n\t\t\t\t\t\t\t\t\t\t\t\t\t\t\t<img fetchpriority=\"high\" decoding=\"async\" width=\"1293\" height=\"832\" src=\"https:\/\/selma.se\/wp-content\/uploads\/2026\/06\/blogg.webp\" class=\"attachment-full size-full wp-image-4333\" alt=\"Blog sektion illustration\" srcset=\"https:\/\/selma.se\/wp-content\/uploads\/2026\/06\/blogg.webp 1293w, https:\/\/selma.se\/wp-content\/uploads\/2026\/06\/blogg-300x193.webp 300w, https:\/\/selma.se\/wp-content\/uploads\/2026\/06\/blogg-1024x659.webp 1024w, https:\/\/selma.se\/wp-content\/uploads\/2026\/06\/blogg-768x494.webp 768w\" sizes=\"(max-width: 1293px) 100vw, 1293px\" \/>\t\t\t\t\t\t\t\t\t\t\t\t\t\t\t<\/div>\n\t\t\t\t<\/div>\n\t\t<div class=\"elementor-element elementor-element-ba11bb7 e-con-full e-flex e-con e-child\" data-id=\"ba11bb7\" data-element_type=\"container\" data-e-type=\"container\">\n\t\t\t\t<div class=\"elementor-element elementor-element-cc2edff elementor-widget elementor-widget-heading\" data-id=\"cc2edff\" data-element_type=\"widget\" data-e-type=\"widget\" data-widget_type=\"heading.default\">\n\t\t\t\t\t<h2 class=\"elementor-heading-title elementor-size-default\">Selmas blog om digital tilg\u00e6ngelighed<\/h2>\t\t\t\t<\/div>\n\t\t\t\t<div class=\"elementor-element elementor-element-0632d05 elementor-widget elementor-widget-heading\" data-id=\"0632d05\" data-element_type=\"widget\" data-e-type=\"widget\" data-widget_type=\"heading.default\">\n\t\t\t\t\t<h2 class=\"elementor-heading-title elementor-size-default\">Guides, nyheder og praktiske tips om webtilg\u00e6ngelighed og WCAG. Her finder du konkrete r\u00e5d om, hvordan du g\u00f8r din hjemmeside mere tilg\u00e6ngelig for flere.<\/h2>\t\t\t\t<\/div>\n\t\t\t\t<\/div>\n\t\t\t\t\t<\/div>\n\t\t\t\t<\/div>\n\t\t\t\t\t<\/div>\n\t\t\t\t<\/div>\n\t\t<div class=\"elementor-element elementor-element-e3cc302 e-flex e-con-boxed e-con e-parent\" data-id=\"e3cc302\" data-element_type=\"container\" data-e-type=\"container\" data-settings=\"{&quot;animation_tablet&quot;:&quot;fadeInUp&quot;,&quot;background_background&quot;:&quot;classic&quot;,&quot;animation&quot;:&quot;none&quot;,&quot;animation_mobile&quot;:&quot;none&quot;}\">\n\t\t\t\t\t<div class=\"e-con-inner\">\n\t\t<div class=\"elementor-element elementor-element-8be9764 e-con-full e-flex e-con e-child\" data-id=\"8be9764\" data-element_type=\"container\" data-e-type=\"container\" data-settings=\"{&quot;animation&quot;:&quot;none&quot;}\">\n\t\t\t\t<div class=\"elementor-element elementor-element-a41118f elementor-grid-2 elementor-grid-tablet-2 elementor-grid-mobile-1 elementor-posts--thumbnail-top elementor-card-shadow-yes elementor-posts__hover-gradient elementor-widget elementor-widget-posts\" data-id=\"a41118f\" data-element_type=\"widget\" data-e-type=\"widget\" data-settings=\"{&quot;cards_columns&quot;:&quot;2&quot;,&quot;pagination_type&quot;:&quot;numbers&quot;,&quot;cards_row_gap&quot;:{&quot;unit&quot;:&quot;px&quot;,&quot;size&quot;:60,&quot;sizes&quot;:[]},&quot;cards_columns_tablet&quot;:&quot;2&quot;,&quot;cards_columns_mobile&quot;:&quot;1&quot;,&quot;cards_row_gap_tablet&quot;:{&quot;unit&quot;:&quot;px&quot;,&quot;size&quot;:&quot;&quot;,&quot;sizes&quot;:[]},&quot;cards_row_gap_mobile&quot;:{&quot;unit&quot;:&quot;px&quot;,&quot;size&quot;:&quot;&quot;,&quot;sizes&quot;:[]}}\" data-widget_type=\"posts.cards\">\n\t\t\t\t<div class=\"elementor-widget-container\">\n\t\t\t\t\t\t\t<div class=\"elementor-posts-container elementor-posts elementor-posts--skin-cards elementor-grid\" role=\"list\">\n\t\t\t\t<article class=\"elementor-post elementor-grid-item post-6494 post type-post status-publish format-standard hentry category-seo-affarsnytta\" role=\"listitem\">\n\t\t\t<div class=\"elementor-post__card\">\n\t\t\t\t<div class=\"elementor-post__text\">\n\t\t\t\t<h3 class=\"elementor-post__title\">\n\t\t\t<a href=\"https:\/\/selma.se\/da\/artiklar\/96-procent-av-alla-webbplatser-ar-otillgangliga-sa-ser-det-ut-i-sverige\/\">\n\t\t\t\t96 procent af alle websteder er utilg\u00e6ngelige, s\u00e5dan ser det ud i Sverige\t\t\t<\/a>\n\t\t<\/h3>\n\t\t\t\t<div class=\"elementor-post__excerpt\">\n\t\t\t<p>Hvert \u00e5r publiceres den globale WebAIM Million-rapport, som gennemg\u00e5r tilg\u00e6ngeligheden p\u00e5 verdens en million st\u00f8rste startsider. Resultatet har \u00e5r efter \u00e5r v\u00e6ret en tydelig v\u00e6kkeklokke for alle i branchen. Over 96 procent af alle unders\u00f8gte websteder har tydelige og m\u00e5lbare tilg\u00e6ngelighedsfejl i henhold til WCAG-standarden. Det betyder, at n\u00e6sten hele det digitale<\/p>\n\t\t<\/div>\n\t\t\n\t\t<a class=\"elementor-post__read-more\" href=\"https:\/\/selma.se\/da\/artiklar\/96-procent-av-alla-webbplatser-ar-otillgangliga-sa-ser-det-ut-i-sverige\/\" aria-label=\"Read more about 96 procent av alla webbplatser \u00e4r otillg\u00e4ngliga, s\u00e5 ser det ut i Sverige\" tabindex=\"-1\">\n\t\t\tL\u00e6s mere \u00bb\t\t<\/a>\n\n\t\t\t\t<\/div>\n\t\t\t\t\t<\/div>\n\t\t<\/article>\n\t\t\t\t<article class=\"elementor-post elementor-grid-item post-6313 post type-post status-publish format-standard has-post-thumbnail hentry category-praktiska-tips category-teknisk\" role=\"listitem\">\n\t\t\t<div class=\"elementor-post__card\">\n\t\t\t\t<a class=\"elementor-post__thumbnail__link\" href=\"https:\/\/selma.se\/da\/artiklar\/5-vanliga-tillganglighetsmisstag-och-hur-ni-fixar-dem\/\" tabindex=\"-1\"><div class=\"elementor-post__thumbnail\"><img decoding=\"async\" width=\"800\" height=\"420\" src=\"https:\/\/selma.se\/wp-content\/uploads\/2026\/07\/5-tillganglighetsmisstag-ljusbla-2400x1260-1-1024x538.webp\" class=\"attachment-large size-large wp-image-6534\" alt=\"\" srcset=\"https:\/\/selma.se\/wp-content\/uploads\/2026\/07\/5-tillganglighetsmisstag-ljusbla-2400x1260-1-1024x538.webp 1024w, https:\/\/selma.se\/wp-content\/uploads\/2026\/07\/5-tillganglighetsmisstag-ljusbla-2400x1260-1-300x158.webp 300w, https:\/\/selma.se\/wp-content\/uploads\/2026\/07\/5-tillganglighetsmisstag-ljusbla-2400x1260-1-768x403.webp 768w, https:\/\/selma.se\/wp-content\/uploads\/2026\/07\/5-tillganglighetsmisstag-ljusbla-2400x1260-1-1536x806.webp 1536w, https:\/\/selma.se\/wp-content\/uploads\/2026\/07\/5-tillganglighetsmisstag-ljusbla-2400x1260-1-2048x1075.webp 2048w, https:\/\/selma.se\/wp-content\/uploads\/2026\/07\/5-tillganglighetsmisstag-ljusbla-2400x1260-1-18x9.webp 18w\" sizes=\"(max-width: 800px) 100vw, 800px\" \/><\/div><\/a>\n\t\t\t\t<div class=\"elementor-post__badge\">Praktiske tips<\/div>\n\t\t\t\t<div class=\"elementor-post__text\">\n\t\t\t\t<h3 class=\"elementor-post__title\">\n\t\t\t<a href=\"https:\/\/selma.se\/da\/artiklar\/5-vanliga-tillganglighetsmisstag-och-hur-ni-fixar-dem\/\">\n\t\t\t\t5 almindelige tilg\u00e6ngelighedsfejl og hvordan I l\u00f8ser dem\t\t\t<\/a>\n\t\t<\/h3>\n\t\t\t\t<div class=\"elementor-post__excerpt\">\n\t\t\t<p>At bygge tilg\u00e6ngelige websteder handler ikke bare om at overholde lovkrav og tjeklister. Det handler om at skabe en bedre oplevelse for alle brugere. Alligevel sker det let, at tilg\u00e6ngeligheden falder mellem to stole. Her gennemg\u00e5r vi fem af de mest almindelige tilg\u00e6ngelighedsfejl, som vi ofte ser, og giver forslag<\/p>\n\t\t<\/div>\n\t\t\n\t\t<a class=\"elementor-post__read-more\" href=\"https:\/\/selma.se\/da\/artiklar\/5-vanliga-tillganglighetsmisstag-och-hur-ni-fixar-dem\/\" aria-label=\"Read more about 5 vanliga tillg\u00e4nglighetsmisstag och hur ni fixar dem\" tabindex=\"-1\">\n\t\t\tL\u00e6s mere \u00bb\t\t<\/a>\n\n\t\t\t\t<\/div>\n\t\t\t\t\t<\/div>\n\t\t<\/article>\n\t\t\t\t<article class=\"elementor-post elementor-grid-item post-6307 post type-post status-publish format-standard has-post-thumbnail hentry category-lagkrav category-wcag-lagkrav\" role=\"listitem\">\n\t\t\t<div class=\"elementor-post__card\">\n\t\t\t\t<a class=\"elementor-post__thumbnail__link\" href=\"https:\/\/selma.se\/da\/artiklar\/vad-innebar-tillganglighetsdirektivet-for-er-verksamhet\/\" tabindex=\"-1\"><div class=\"elementor-post__thumbnail\"><img decoding=\"async\" width=\"800\" height=\"530\" src=\"https:\/\/selma.se\/wp-content\/uploads\/2026\/07\/Namnlos-design.webp\" class=\"attachment-large size-large wp-image-6308\" alt=\"\" srcset=\"https:\/\/selma.se\/wp-content\/uploads\/2026\/07\/Namnlos-design.webp 1019w, https:\/\/selma.se\/wp-content\/uploads\/2026\/07\/Namnlos-design-300x199.webp 300w, https:\/\/selma.se\/wp-content\/uploads\/2026\/07\/Namnlos-design-768x509.webp 768w, https:\/\/selma.se\/wp-content\/uploads\/2026\/07\/Namnlos-design-18x12.webp 18w\" sizes=\"(max-width: 800px) 100vw, 800px\" \/><\/div><\/a>\n\t\t\t\t<div class=\"elementor-post__badge\">Layer requirement<\/div>\n\t\t\t\t<div class=\"elementor-post__text\">\n\t\t\t\t<h3 class=\"elementor-post__title\">\n\t\t\t<a href=\"https:\/\/selma.se\/da\/artiklar\/vad-innebar-tillganglighetsdirektivet-for-er-verksamhet\/\">\n\t\t\t\tHvad betyder tilg\u00e6ngelighedsdirektivet for jeres virksomhed?\t\t\t<\/a>\n\t\t<\/h3>\n\t\t\t\t<div class=\"elementor-post__excerpt\">\n\t\t\t<p>Den 28. juni 2025 \u00e6ndredes det digitale landskab i EU fundamentalt. Da tr\u00e5dte European Accessibility Act (EAA) i kraft, hvilket i Sverige blev den nye tilg\u00e6ngelighedslov. Det er ikke l\u00e6ngere kun den offentlige sektor, der skal f\u00f8lge strenge krav til digital tilg\u00e6ngelighed. Nu omfatter det ogs\u00e5 store dele af den private sektor.<\/p>\n\t\t<\/div>\n\t\t\n\t\t<a class=\"elementor-post__read-more\" href=\"https:\/\/selma.se\/da\/artiklar\/vad-innebar-tillganglighetsdirektivet-for-er-verksamhet\/\" aria-label=\"Read more about Vad inneb\u00e4r tillg\u00e4nglighetsdirektivet f\u00f6r er verksamhet?\" tabindex=\"-1\">\n\t\t\tL\u00e6s mere \u00bb\t\t<\/a>\n\n\t\t\t\t<\/div>\n\t\t\t\t\t<\/div>\n\t\t<\/article>\n\t\t\t\t<article class=\"elementor-post elementor-grid-item post-5855 post type-post status-publish format-standard has-post-thumbnail hentry category-tillganglighet\" role=\"listitem\">\n\t\t\t<div class=\"elementor-post__card\">\n\t\t\t\t<a class=\"elementor-post__thumbnail__link\" href=\"https:\/\/selma.se\/da\/artiklar\/regeringen-satsar-pa-aldres-digitala-trygghet-sa-gor-vi-pa-selma-skillnad-redan-idag\/\" tabindex=\"-1\"><div class=\"elementor-post__thumbnail\"><img loading=\"lazy\" decoding=\"async\" width=\"800\" height=\"533\" src=\"https:\/\/selma.se\/wp-content\/uploads\/2026\/06\/Bild-av-Sabine-van-Erp-fran-Pixabay-1024x682.webp\" class=\"attachment-large size-large wp-image-6053\" alt=\"\" srcset=\"https:\/\/selma.se\/wp-content\/uploads\/2026\/06\/Bild-av-Sabine-van-Erp-fran-Pixabay-1024x682.webp 1024w, https:\/\/selma.se\/wp-content\/uploads\/2026\/06\/Bild-av-Sabine-van-Erp-fran-Pixabay-300x200.webp 300w, https:\/\/selma.se\/wp-content\/uploads\/2026\/06\/Bild-av-Sabine-van-Erp-fran-Pixabay-768x512.webp 768w, https:\/\/selma.se\/wp-content\/uploads\/2026\/06\/Bild-av-Sabine-van-Erp-fran-Pixabay-18x12.webp 18w, https:\/\/selma.se\/wp-content\/uploads\/2026\/06\/Bild-av-Sabine-van-Erp-fran-Pixabay.webp 1280w\" sizes=\"(max-width: 800px) 100vw, 800px\" \/><\/div><\/a>\n\t\t\t\t<div class=\"elementor-post__badge\">Tilg\u00e6ngelighed<\/div>\n\t\t\t\t<div class=\"elementor-post__text\">\n\t\t\t\t<h3 class=\"elementor-post__title\">\n\t\t\t<a href=\"https:\/\/selma.se\/da\/artiklar\/regeringen-satsar-pa-aldres-digitala-trygghet-sa-gor-vi-pa-selma-skillnad-redan-idag\/\">\n\t\t\t\tRegeringen satser p\u00e5 \u00e6ldres digitale tryghed, det g\u00f8r vi hos Selma en forskel allerede i dag\t\t\t<\/a>\n\t\t<\/h3>\n\t\t\t\t<div class=\"elementor-post__excerpt\">\n\t\t\t<p>Den 23. juni 2026 udsendte regeringen en pressemeddelelse om en ny opgave til Post- og Telestyrelsen (PTS). Myndigheden skal fokusere p\u00e5 at styrke \u00e6ldres digitale kompetencer, \u00f8ge tilliden til digitale tjenester og forebygge digitale svindelnumre. Det er et vigtigt skridt, for det er p\u00e5 h\u00f8je tid, at vi taler \u00e5bent om<\/p>\n\t\t<\/div>\n\t\t\n\t\t<a class=\"elementor-post__read-more\" href=\"https:\/\/selma.se\/da\/artiklar\/regeringen-satsar-pa-aldres-digitala-trygghet-sa-gor-vi-pa-selma-skillnad-redan-idag\/\" aria-label=\"Read more about Regeringen satsar p\u00e5 \u00e4ldres digitala trygghet, s\u00e5 g\u00f6r vi p\u00e5 Selma skillnad redan idag\" tabindex=\"-1\">\n\t\t\tL\u00e6s mere \u00bb\t\t<\/a>\n\n\t\t\t\t<\/div>\n\t\t\t\t\t<\/div>\n\t\t<\/article>\n\t\t\t\t<article class=\"elementor-post elementor-grid-item post-5644 post type-post status-publish format-standard has-post-thumbnail hentry category-tillganglighet category-affar category-lagkrav\" role=\"listitem\">\n\t\t\t<div class=\"elementor-post__card\">\n\t\t\t\t<a class=\"elementor-post__thumbnail__link\" href=\"https:\/\/selma.se\/da\/artiklar\/var-resa-for-digital-tillganglighet-vaxlar-upp\/\" tabindex=\"-1\"><div class=\"elementor-post__thumbnail\"><img loading=\"lazy\" decoding=\"async\" width=\"800\" height=\"534\" src=\"https:\/\/selma.se\/wp-content\/uploads\/2026\/06\/IMG_8042-edited-1024x683.jpg\" class=\"attachment-large size-large wp-image-5682\" alt=\"\" srcset=\"https:\/\/selma.se\/wp-content\/uploads\/2026\/06\/IMG_8042-edited-1024x683.jpg 1024w, https:\/\/selma.se\/wp-content\/uploads\/2026\/06\/IMG_8042-edited-300x200.jpg 300w, https:\/\/selma.se\/wp-content\/uploads\/2026\/06\/IMG_8042-edited-768x512.jpg 768w, https:\/\/selma.se\/wp-content\/uploads\/2026\/06\/IMG_8042-edited-1536x1024.jpg 1536w, https:\/\/selma.se\/wp-content\/uploads\/2026\/06\/IMG_8042-edited-2048x1365.jpg 2048w\" sizes=\"(max-width: 800px) 100vw, 800px\" \/><\/div><\/a>\n\t\t\t\t<div class=\"elementor-post__badge\">Tilg\u00e6ngelighed<\/div>\n\t\t\t\t<div class=\"elementor-post__text\">\n\t\t\t\t<h3 class=\"elementor-post__title\">\n\t\t\t<a href=\"https:\/\/selma.se\/da\/artiklar\/var-resa-for-digital-tillganglighet-vaxlar-upp\/\">\n\t\t\t\tVores rejse mod digital tilg\u00e6ngelighed skruer op\t\t\t<\/a>\n\t\t<\/h3>\n\t\t\t\t<div class=\"elementor-post__excerpt\">\n\t\t\t<p>Det digitale udenforskap er fortsatt et av v\u00e5r tids st\u00f8rste, usynlige problemer der n\u00e6rmere 96 prosent av verdens ledende nettsteder stenger ute folk un\u00f8dvendig. Siden starten i 2023 har vi p\u00e5 Selma jobbet for \u00e5 endre dette sammen med over 250 kunder. N\u00e5 tar vi neste store skritt p\u00e5 v\u00e5r reise med investorer som deler v\u00e5r visjon. Med disse investeringene f\u00e5r vi kraften til \u00e5 fortsette \u00e5 utvikle oss og gj\u00f8re enda st\u00f8rre forskjell for et tilgjengelig internett.<\/p>\n\t\t<\/div>\n\t\t\n\t\t<a class=\"elementor-post__read-more\" href=\"https:\/\/selma.se\/da\/artiklar\/var-resa-for-digital-tillganglighet-vaxlar-upp\/\" aria-label=\"Read more about V\u00e5r resa f\u00f6r digital tillg\u00e4nglighet v\u00e4xlar upp\" tabindex=\"-1\">\n\t\t\tL\u00e6s mere \u00bb\t\t<\/a>\n\n\t\t\t\t<\/div>\n\t\t\t\t\t<\/div>\n\t\t<\/article>\n\t\t\t\t<article class=\"elementor-post elementor-grid-item post-4057 post type-post status-publish format-standard hentry category-praktiska-tips\" role=\"listitem\">\n\t\t\t<div class=\"elementor-post__card\">\n\t\t\t\t<div class=\"elementor-post__text\">\n\t\t\t\t<h3 class=\"elementor-post__title\">\n\t\t\t<a href=\"https:\/\/selma.se\/da\/artiklar\/klarsprak-gor-webben-mer-inkluderande\/\">\n\t\t\t\tKlart sprog p\u00e5 nettet: s\u00e5dan laver du tekst, som flere forst\u00e5r\t\t\t<\/a>\n\t\t<\/h3>\n\t\t\t\t<div class=\"elementor-post__excerpt\">\n\t\t\t<p>Inkludering p\u00e5 nettet handler ikke kun om teknologi \u2013 det handler ogs\u00e5 om, at folk rent faktisk forst\u00e5r indholdet. Klart sprog p\u00e5 nettet g\u00f8r, at flere kan tilegne sig information, tr\u00e6ffe beslutninger og udf\u00f8re opgaver selvst\u00e6ndigt. I denne artikel gennemg\u00e5r vi 5 konkrete regler, der g\u00f8r den st\u00f8rste forskel \u2013 fra hvordan du skriver det vigtigste f\u00f8rst til hvorfor tydelige knaptekster kan \u00e6ndre hele brugeroplevelsen.<\/p>\n\t\t<\/div>\n\t\t\n\t\t<a class=\"elementor-post__read-more\" href=\"https:\/\/selma.se\/da\/artiklar\/klarsprak-gor-webben-mer-inkluderande\/\" aria-label=\"Read more about Klarspr\u00e5k p\u00e5 webben: s\u00e5 g\u00f6r du text som fler f\u00f6rst\u00e5r\" tabindex=\"-1\">\n\t\t\tL\u00e6s mere \u00bb\t\t<\/a>\n\n\t\t\t\t<\/div>\n\t\t\t\t\t<\/div>\n\t\t<\/article>\n\t\t\t\t<\/div>\n\t\t\n\t\t\t\t<div class=\"e-load-more-anchor\" data-page=\"1\" data-max-page=\"3\" data-next-page=\"https:\/\/selma.se\/da\/wp-json\/wp\/v2\/pages\/348\/page\/2\/\"><\/div>\n\t\t\t\t<nav class=\"elementor-pagination\" aria-label=\"Sidetal\">\n\t\t\t<span aria-current=\"page\" class=\"page-numbers current\"><span class=\"elementor-screen-only\">Side<\/span>1<\/span>\n<a class=\"page-numbers\" href=\"https:\/\/selma.se\/da\/wp-json\/wp\/v2\/pages\/348\/page\/2\/\"><span class=\"elementor-screen-only\">Side<\/span>2<\/a>\n<a class=\"page-numbers\" href=\"https:\/\/selma.se\/da\/wp-json\/wp\/v2\/pages\/348\/page\/3\/\"><span class=\"elementor-screen-only\">Side<\/span>3<\/a>\t\t<\/nav>\n\t\t\t\t\t\t<\/div>\n\t\t\t\t<\/div>\n\t\t\t\t<\/div>\n\t\t\t\t\t<\/div>\n\t\t\t\t<\/div>\n\t\t\t\t<\/div>","protected":false},"excerpt":{"rendered":"<p>Selmas blogg om digital tillg\u00e4nglighet Guider, nyheter och praktiska tips om webbtillg\u00e4nglighet och WCAG. H\u00e4r hittar du konkreta r\u00e5d om hur du g\u00f6r din webbplats mer tillg\u00e4nglig f\u00f6r fler.<\/p>","protected":false},"author":1,"featured_media":0,"parent":0,"menu_order":0,"comment_status":"closed","ping_status":"closed","template":"","meta":{"_acf_changed":false,"footnotes":""},"class_list":["post-348","page","type-page","status-publish","hentry"],"acf":[],"_links":{"self":[{"href":"https:\/\/selma.se\/da\/wp-json\/wp\/v2\/pages\/348","targetHints":{"allow":["GET"]}}],"collection":[{"href":"https:\/\/selma.se\/da\/wp-json\/wp\/v2\/pages"}],"about":[{"href":"https:\/\/selma.se\/da\/wp-json\/wp\/v2\/types\/page"}],"author":[{"embeddable":true,"href":"https:\/\/selma.se\/da\/wp-json\/wp\/v2\/users\/1"}],"replies":[{"embeddable":true,"href":"https:\/\/selma.se\/da\/wp-json\/wp\/v2\/comments?post=348"}],"version-history":[{"count":25,"href":"https:\/\/selma.se\/da\/wp-json\/wp\/v2\/pages\/348\/revisions"}],"predecessor-version":[{"id":5889,"href":"https:\/\/selma.se\/da\/wp-json\/wp\/v2\/pages\/348\/revisions\/5889"}],"wp:attachment":[{"href":"https:\/\/selma.se\/da\/wp-json\/wp\/v2\/media?parent=348"}],"curies":[{"name":"godt spillet","href":"https:\/\/api.w.org\/{rel}","templated":true}]}}