{"id":348,"date":"2026-05-13T12:40:47","date_gmt":"2026-05-13T12:40:47","guid":{"rendered":"https:\/\/selma.se\/?page_id=348"},"modified":"2026-06-30T19:15:05","modified_gmt":"2026-06-30T19:15:05","slug":"blogi-digitaalisesta-saavutettavuudesta-ja-wcagsta","status":"publish","type":"page","link":"https:\/\/selma.se\/fi\/blogg-om-digital-tillganglighet-och-wcag\/","title":{"rendered":"Blogi"},"content":{"rendered":"<div data-elementor-type=\"wp-page\" data-elementor-id=\"348\" class=\"elementor elementor-348\" data-elementor-post-type=\"page\">\n\t\t\t\t<div class=\"elementor-element elementor-element-387ef2f e-flex e-con-boxed e-con e-parent\" data-id=\"387ef2f\" data-element_type=\"container\" data-e-type=\"container\" data-settings=\"{&quot;animation_tablet&quot;:&quot;fadeInUp&quot;,&quot;background_background&quot;:&quot;classic&quot;,&quot;shape_divider_bottom&quot;:&quot;clouds&quot;,&quot;shape_divider_bottom_negative&quot;:&quot;yes&quot;,&quot;animation_mobile&quot;:&quot;none&quot;}\">\n\t\t\t\t\t<div class=\"e-con-inner\">\n\t\t\t\t<div class=\"elementor-shape elementor-shape-bottom\" aria-hidden=\"true\" data-negative=\"true\">\n\t\t\t<svg xmlns=\"http:\/\/www.w3.org\/2000\/svg\" viewbox=\"0 0 283.5 27.8\" preserveaspectratio=\"xMidYMax slice\">\n\t<path class=\"elementor-shape-fill\" d=\"M265.8 3.5c-10.9 0-15.9 6.2-15.9 6.2s-3.6-3.5-9.2-.9c-9.1 4.1-4.4 13.4-4.4 13.4s-1.2.2-1.9.9c-.6.7-.5 1.9-.5 1.9s-1-.5-2.3-.2c-1.3.3-1.6 1.4-1.6 1.4s.4-3.4-1.5-5c-3.9-3.4-8.3-.2-8.3-.2s-.6-.7-.9-.9c-.4-.2-1.2-.2-1.2-.2s-4.4-3.6-11.5-2.6-10.4 7.9-10.4 7.9-.5-3.3-3.9-4.9c-4.8-2.4-7.4 0-7.4 0s2.4-4.1-1.9-6.4-6.2 1.2-6.2 1.2-.9-.5-2.1-.5-2.3 1.1-2.3 1.1.1-.7-1.1-1.1c-1.2-.4-2 0-2 0s3.6-6.8-3.5-8.9c-6-1.8-7.9 2.6-8.4 4-.1-.3-.4-.7-.9-1.1-1-.7-1.3-.5-1.3-.5s1-4-1.7-5.2c-2.7-1.2-4.2 1.1-4.2 1.1s-3.1-1-5.7 1.4-2.1 5.5-2.1 5.5-.9 0-2.1.7-1.4 1.7-1.4 1.7-1.7-1.2-4.3-1.2c-2.6 0-4.5 1.2-4.5 1.2s-.7-1.5-2.8-2.4c-2.1-.9-4 0-4 0s2.6-5.9-4.7-9c-7.3-3.1-12.6 3.3-12.6 3.3s-.9 0-1.9.2c-.9.2-1.5.9-1.5.9S99.4 3 94.9 3.9c-4.5.9-5.7 5.7-5.7 5.7s-2.8-5-12.3-3.9-11.1 6-11.1 6-1.2-1.4-4-.7c-.8.2-1.3.5-1.8.9-.9-2.1-2.7-4.9-6.2-4.4-3.2.4-4 2.2-4 2.2s-.5-.7-1.2-.7h-1.4s-.5-.9-1.7-1.4-2.4 0-2.4 0-2.4-1.2-4.7 0-3.1 4.1-3.1 4.1-1.7-1.4-3.6-.7c-1.9.7-1.9 2.8-1.9 2.8s-.5-.5-1.7-.2c-1.2.2-1.4.7-1.4.7s-.7-2.3-2.8-2.8c-2.1-.5-4.3.2-4.3.2s-1.7-5-11.1-6c-3.8-.4-6.6.2-8.5 1v21.2h283.5V11.1c-.9.2-1.6.4-1.6.4s-5.2-8-16.1-8z\"\/>\n<\/svg>\n\t\t<\/div>\n\t\t<div class=\"elementor-element elementor-element-79dd065 e-flex e-con-boxed e-con e-child\" data-id=\"79dd065\" data-element_type=\"container\" data-e-type=\"container\">\n\t\t\t\t\t<div class=\"e-con-inner\">\n\t\t<div class=\"elementor-element elementor-element-c569485 e-con-full e-flex e-con e-child\" data-id=\"c569485\" data-element_type=\"container\" data-e-type=\"container\">\n\t\t\t\t<div class=\"elementor-element elementor-element-2683d47 elementor-widget elementor-widget-image\" data-id=\"2683d47\" data-element_type=\"widget\" data-e-type=\"widget\" data-widget_type=\"image.default\">\n\t\t\t\t\t\t\t\t\t\t\t\t\t\t\t<img fetchpriority=\"high\" decoding=\"async\" width=\"1293\" height=\"832\" src=\"https:\/\/selma.se\/wp-content\/uploads\/2026\/06\/blogg.webp\" class=\"attachment-full size-full wp-image-4333\" alt=\"Blogiosaston kuvitus\" srcset=\"https:\/\/selma.se\/wp-content\/uploads\/2026\/06\/blogg.webp 1293w, https:\/\/selma.se\/wp-content\/uploads\/2026\/06\/blogg-300x193.webp 300w, https:\/\/selma.se\/wp-content\/uploads\/2026\/06\/blogg-1024x659.webp 1024w, https:\/\/selma.se\/wp-content\/uploads\/2026\/06\/blogg-768x494.webp 768w\" sizes=\"(max-width: 1293px) 100vw, 1293px\" \/>\t\t\t\t\t\t\t\t\t\t\t\t\t\t\t<\/div>\n\t\t\t\t<\/div>\n\t\t<div class=\"elementor-element elementor-element-ba11bb7 e-con-full e-flex e-con e-child\" data-id=\"ba11bb7\" data-element_type=\"container\" data-e-type=\"container\">\n\t\t\t\t<div class=\"elementor-element elementor-element-cc2edff elementor-widget elementor-widget-heading\" data-id=\"cc2edff\" data-element_type=\"widget\" data-e-type=\"widget\" data-widget_type=\"heading.default\">\n\t\t\t\t\t<h2 class=\"elementor-heading-title elementor-size-default\">Selman blogi digitaalisesta saavutettavuudesta<\/h2>\t\t\t\t<\/div>\n\t\t\t\t<div class=\"elementor-element elementor-element-0632d05 elementor-widget elementor-widget-heading\" data-id=\"0632d05\" data-element_type=\"widget\" data-e-type=\"widget\" data-widget_type=\"heading.default\">\n\t\t\t\t\t<h2 class=\"elementor-heading-title elementor-size-default\">Ohjeita, uutisia ja k\u00e4yt\u00e4nn\u00f6n vinkkej\u00e4 verkkopalveluiden saavutettavuudesta ja WCAGista. T\u00e4\u00e4lt\u00e4 l\u00f6yd\u00e4t konkreettisia neuvoja, miten teet verkkosivustostasi saavutettavamman useammille.<\/h2>\t\t\t\t<\/div>\n\t\t\t\t<\/div>\n\t\t\t\t\t<\/div>\n\t\t\t\t<\/div>\n\t\t\t\t\t<\/div>\n\t\t\t\t<\/div>\n\t\t<div class=\"elementor-element elementor-element-e3cc302 e-flex e-con-boxed e-con e-parent\" data-id=\"e3cc302\" data-element_type=\"container\" data-e-type=\"container\" data-settings=\"{&quot;animation_tablet&quot;:&quot;fadeInUp&quot;,&quot;background_background&quot;:&quot;classic&quot;,&quot;animation&quot;:&quot;none&quot;,&quot;animation_mobile&quot;:&quot;none&quot;}\">\n\t\t\t\t\t<div class=\"e-con-inner\">\n\t\t<div class=\"elementor-element elementor-element-8be9764 e-con-full e-flex e-con e-child\" data-id=\"8be9764\" data-element_type=\"container\" data-e-type=\"container\" data-settings=\"{&quot;animation&quot;:&quot;none&quot;}\">\n\t\t\t\t<div class=\"elementor-element elementor-element-a41118f elementor-grid-2 elementor-grid-tablet-2 elementor-grid-mobile-1 elementor-posts--thumbnail-top elementor-card-shadow-yes elementor-posts__hover-gradient elementor-widget elementor-widget-posts\" data-id=\"a41118f\" data-element_type=\"widget\" data-e-type=\"widget\" data-settings=\"{&quot;cards_columns&quot;:&quot;2&quot;,&quot;pagination_type&quot;:&quot;numbers&quot;,&quot;cards_row_gap&quot;:{&quot;unit&quot;:&quot;px&quot;,&quot;size&quot;:60,&quot;sizes&quot;:[]},&quot;cards_columns_tablet&quot;:&quot;2&quot;,&quot;cards_columns_mobile&quot;:&quot;1&quot;,&quot;cards_row_gap_tablet&quot;:{&quot;unit&quot;:&quot;px&quot;,&quot;size&quot;:&quot;&quot;,&quot;sizes&quot;:[]},&quot;cards_row_gap_mobile&quot;:{&quot;unit&quot;:&quot;px&quot;,&quot;size&quot;:&quot;&quot;,&quot;sizes&quot;:[]}}\" data-widget_type=\"posts.cards\">\n\t\t\t\t<div class=\"elementor-widget-container\">\n\t\t\t\t\t\t\t<div class=\"elementor-posts-container elementor-posts elementor-posts--skin-cards elementor-grid\" role=\"list\">\n\t\t\t\t<article class=\"elementor-post elementor-grid-item post-6494 post type-post status-publish format-standard hentry category-seo-affarsnytta\" role=\"listitem\">\n\t\t\t<div class=\"elementor-post__card\">\n\t\t\t\t<div class=\"elementor-post__text\">\n\t\t\t\t<h3 class=\"elementor-post__title\">\n\t\t\t<a href=\"https:\/\/selma.se\/fi\/artiklar\/96-procent-av-alla-webbplatser-ar-otillgangliga-sa-ser-det-ut-i-sverige\/\">\n\t\t\t\t96 prosenttia kaikista verkkosivustoista on saavuttamattomia, niin tilanne n\u00e4ytt\u00e4\u00e4 Ruotsissa\t\t\t<\/a>\n\t\t<\/h3>\n\t\t\t\t<div class=\"elementor-post__excerpt\">\n\t\t\t<p>Joka vuosi julkaistaan maailmanlaajuinen WebAIM Million -raportti, joka tarkastelee maailman miljoona suurimman etusivun saavutettavuutta. Tulokset ovat vuosi toisensa j\u00e4lkeen olleet selv\u00e4 her\u00e4tyskello kaikille alan toimijoille. Yli 96 prosentilla kaikista tutkituista verkkosivustoista on selvi\u00e4 ja mitattavia saavutettavuusvirheit\u00e4 WCAG-standardin mukaisesti. Se tarkoittaa, ett\u00e4 melkein koko digitaalinen<\/p>\n\t\t<\/div>\n\t\t\n\t\t<a class=\"elementor-post__read-more\" href=\"https:\/\/selma.se\/fi\/artiklar\/96-procent-av-alla-webbplatser-ar-otillgangliga-sa-ser-det-ut-i-sverige\/\" aria-label=\"Read more about 96 procent av alla webbplatser \u00e4r otillg\u00e4ngliga, s\u00e5 ser det ut i Sverige\" tabindex=\"-1\">\n\t\t\tLue lis\u00e4\u00e4 \u00bb\t\t<\/a>\n\n\t\t\t\t<\/div>\n\t\t\t\t\t<\/div>\n\t\t<\/article>\n\t\t\t\t<article class=\"elementor-post elementor-grid-item post-6313 post type-post status-publish format-standard has-post-thumbnail hentry category-praktiska-tips category-teknisk\" role=\"listitem\">\n\t\t\t<div class=\"elementor-post__card\">\n\t\t\t\t<a class=\"elementor-post__thumbnail__link\" href=\"https:\/\/selma.se\/fi\/artiklar\/5-vanliga-tillganglighetsmisstag-och-hur-ni-fixar-dem\/\" tabindex=\"-1\"><div class=\"elementor-post__thumbnail\"><img decoding=\"async\" width=\"800\" height=\"420\" src=\"https:\/\/selma.se\/wp-content\/uploads\/2026\/07\/5-tillganglighetsmisstag-ljusbla-2400x1260-1-1024x538.webp\" class=\"attachment-large size-large wp-image-6534\" alt=\"\" srcset=\"https:\/\/selma.se\/wp-content\/uploads\/2026\/07\/5-tillganglighetsmisstag-ljusbla-2400x1260-1-1024x538.webp 1024w, https:\/\/selma.se\/wp-content\/uploads\/2026\/07\/5-tillganglighetsmisstag-ljusbla-2400x1260-1-300x158.webp 300w, https:\/\/selma.se\/wp-content\/uploads\/2026\/07\/5-tillganglighetsmisstag-ljusbla-2400x1260-1-768x403.webp 768w, https:\/\/selma.se\/wp-content\/uploads\/2026\/07\/5-tillganglighetsmisstag-ljusbla-2400x1260-1-1536x806.webp 1536w, https:\/\/selma.se\/wp-content\/uploads\/2026\/07\/5-tillganglighetsmisstag-ljusbla-2400x1260-1-2048x1075.webp 2048w, https:\/\/selma.se\/wp-content\/uploads\/2026\/07\/5-tillganglighetsmisstag-ljusbla-2400x1260-1-18x9.webp 18w\" sizes=\"(max-width: 800px) 100vw, 800px\" \/><\/div><\/a>\n\t\t\t\t<div class=\"elementor-post__badge\">K\u00e4yt\u00e4nn\u00f6n Vinkkej\u00e4<\/div>\n\t\t\t\t<div class=\"elementor-post__text\">\n\t\t\t\t<h3 class=\"elementor-post__title\">\n\t\t\t<a href=\"https:\/\/selma.se\/fi\/artiklar\/5-vanliga-tillganglighetsmisstag-och-hur-ni-fixar-dem\/\">\n\t\t\t\t5 yleist\u00e4 saavutettavuusvirhett\u00e4 ja miten korjaatte ne\t\t\t<\/a>\n\t\t<\/h3>\n\t\t\t\t<div class=\"elementor-post__excerpt\">\n\t\t\t<p>Saavutettavien verkkosivustojen rakentamisessa ei ole kyse pelk\u00e4st\u00e4\u00e4n lakis\u00e4\u00e4teisten vaatimusten ja tarkistuslistojen noudattamisesta. Kyse on paremman kokemuksen luomisesta kaikille k\u00e4ytt\u00e4jille. Silti on helppo k\u00e4yd\u00e4 niin, ett\u00e4 saavutettavuus j\u00e4\u00e4 huomiotta. T\u00e4ss\u00e4 k\u00e4ymme l\u00e4pi viisi yleisint\u00e4 saavutettavuusvirhett\u00e4, joita n\u00e4emme usein, ja annamme ehdotuksia<\/p>\n\t\t<\/div>\n\t\t\n\t\t<a class=\"elementor-post__read-more\" href=\"https:\/\/selma.se\/fi\/artiklar\/5-vanliga-tillganglighetsmisstag-och-hur-ni-fixar-dem\/\" aria-label=\"Lue lis\u00e4\u00e4 5 yleisest\u00e4 saavutettavuusvirheest\u00e4 ja niiden korjaamisesta\" tabindex=\"-1\">\n\t\t\tLue lis\u00e4\u00e4 \u00bb\t\t<\/a>\n\n\t\t\t\t<\/div>\n\t\t\t\t\t<\/div>\n\t\t<\/article>\n\t\t\t\t<article class=\"elementor-post elementor-grid-item post-6307 post type-post status-publish format-standard has-post-thumbnail hentry category-lagkrav category-wcag-lagkrav\" role=\"listitem\">\n\t\t\t<div class=\"elementor-post__card\">\n\t\t\t\t<a class=\"elementor-post__thumbnail__link\" href=\"https:\/\/selma.se\/fi\/artiklar\/vad-innebar-tillganglighetsdirektivet-for-er-verksamhet\/\" tabindex=\"-1\"><div class=\"elementor-post__thumbnail\"><img decoding=\"async\" width=\"800\" height=\"530\" src=\"https:\/\/selma.se\/wp-content\/uploads\/2026\/07\/Namnlos-design.webp\" class=\"attachment-large size-large wp-image-6308\" alt=\"\" srcset=\"https:\/\/selma.se\/wp-content\/uploads\/2026\/07\/Namnlos-design.webp 1019w, https:\/\/selma.se\/wp-content\/uploads\/2026\/07\/Namnlos-design-300x199.webp 300w, https:\/\/selma.se\/wp-content\/uploads\/2026\/07\/Namnlos-design-768x509.webp 768w, https:\/\/selma.se\/wp-content\/uploads\/2026\/07\/Namnlos-design-18x12.webp 18w\" sizes=\"(max-width: 800px) 100vw, 800px\" \/><\/div><\/a>\n\t\t\t\t<div class=\"elementor-post__badge\">Lakis\u00e4\u00e4teinen vaatimus<\/div>\n\t\t\t\t<div class=\"elementor-post__text\">\n\t\t\t\t<h3 class=\"elementor-post__title\">\n\t\t\t<a href=\"https:\/\/selma.se\/fi\/artiklar\/vad-innebar-tillganglighetsdirektivet-for-er-verksamhet\/\">\n\t\t\t\tMit\u00e4 saavutettavuusdirektiivi merkitsee toiminnalle\/-llenne?\t\t\t<\/a>\n\t\t<\/h3>\n\t\t\t\t<div class=\"elementor-post__excerpt\">\n\t\t\t<p>Kes\u00e4kuun 28. p\u00e4iv\u00e4n\u00e4 2025 EU:n digitaalinen maisema muuttui perusteellisesti. Silloin astui voimaan Euroopan esteett\u00f6myyss\u00e4\u00e4d\u00f6s (European Accessibility Act, EAA), josta tuli Ruotsissa uusi esteett\u00f6myyslaki. En\u00e4\u00e4 pelkk\u00e4 julkinen sektori ei ole velvollinen noudattamaan tiukkoja digitaalisen saavutettavuuden vaatimuksia. Nyt my\u00f6s suuret osat yksityisest\u00e4 sektorista kuuluvat sen piiriin<\/p>\n\t\t<\/div>\n\t\t\n\t\t<a class=\"elementor-post__read-more\" href=\"https:\/\/selma.se\/fi\/artiklar\/vad-innebar-tillganglighetsdirektivet-for-er-verksamhet\/\" aria-label=\"Lue lis\u00e4\u00e4 siit\u00e4, mit\u00e4 saavutettavuusdirektiivi merkitsee teid\u00e4n toiminnallenne?\" tabindex=\"-1\">\n\t\t\tLue lis\u00e4\u00e4 \u00bb\t\t<\/a>\n\n\t\t\t\t<\/div>\n\t\t\t\t\t<\/div>\n\t\t<\/article>\n\t\t\t\t<article class=\"elementor-post elementor-grid-item post-5855 post type-post status-publish format-standard has-post-thumbnail hentry category-tillganglighet\" role=\"listitem\">\n\t\t\t<div class=\"elementor-post__card\">\n\t\t\t\t<a class=\"elementor-post__thumbnail__link\" href=\"https:\/\/selma.se\/fi\/artiklar\/regeringen-satsar-pa-aldres-digitala-trygghet-sa-gor-vi-pa-selma-skillnad-redan-idag\/\" tabindex=\"-1\"><div class=\"elementor-post__thumbnail\"><img loading=\"lazy\" decoding=\"async\" width=\"800\" height=\"533\" src=\"https:\/\/selma.se\/wp-content\/uploads\/2026\/06\/Bild-av-Sabine-van-Erp-fran-Pixabay-1024x682.webp\" class=\"attachment-large size-large wp-image-6053\" alt=\"\" srcset=\"https:\/\/selma.se\/wp-content\/uploads\/2026\/06\/Bild-av-Sabine-van-Erp-fran-Pixabay-1024x682.webp 1024w, https:\/\/selma.se\/wp-content\/uploads\/2026\/06\/Bild-av-Sabine-van-Erp-fran-Pixabay-300x200.webp 300w, https:\/\/selma.se\/wp-content\/uploads\/2026\/06\/Bild-av-Sabine-van-Erp-fran-Pixabay-768x512.webp 768w, https:\/\/selma.se\/wp-content\/uploads\/2026\/06\/Bild-av-Sabine-van-Erp-fran-Pixabay-18x12.webp 18w, https:\/\/selma.se\/wp-content\/uploads\/2026\/06\/Bild-av-Sabine-van-Erp-fran-Pixabay.webp 1280w\" sizes=\"(max-width: 800px) 100vw, 800px\" \/><\/div><\/a>\n\t\t\t\t<div class=\"elementor-post__badge\">Saavutettavuus<\/div>\n\t\t\t\t<div class=\"elementor-post__text\">\n\t\t\t\t<h3 class=\"elementor-post__title\">\n\t\t\t<a href=\"https:\/\/selma.se\/fi\/artiklar\/regeringen-satsar-pa-aldres-digitala-trygghet-sa-gor-vi-pa-selma-skillnad-redan-idag\/\">\n\t\t\t\tHallitus panostaa ik\u00e4\u00e4ntyneiden digitaaliseen turvallisuuteen \u2013 n\u00e4in me Selmalla teemme eron jo t\u00e4n\u00e4\u00e4n\t\t\t<\/a>\n\t\t<\/h3>\n\t\t\t\t<div class=\"elementor-post__excerpt\">\n\t\t\t<p>Kes\u00e4kuun 23. p\u00e4iv\u00e4n\u00e4 2026 hallitus julkaisi lehdist\u00f6tiedotteen uudesta toimeksiannosta Post- och telestyrelsenille (PTS). Viranomaisen tulee panostaa i\u00e4kk\u00e4iden digitaalisen osaamisen vahvistamiseen, digitaalisten palveluiden luottamuksen lis\u00e4\u00e4miseen ja digitaalisten petosten ehk\u00e4isemiseen. Se on t\u00e4rke\u00e4 askel, sill\u00e4 on korkea aika puhua avoimesti<\/p>\n\t\t<\/div>\n\t\t\n\t\t<a class=\"elementor-post__read-more\" href=\"https:\/\/selma.se\/fi\/artiklar\/regeringen-satsar-pa-aldres-digitala-trygghet-sa-gor-vi-pa-selma-skillnad-redan-idag\/\" aria-label=\"Lue lis\u00e4\u00e4 siit\u00e4, kuinka hallitus panostaa ik\u00e4\u00e4ntyneiden digitaaliseen turvallisuuteen, ja miten me Selma teemme eron jo t\u00e4n\u00e4\u00e4n\" tabindex=\"-1\">\n\t\t\tLue lis\u00e4\u00e4 \u00bb\t\t<\/a>\n\n\t\t\t\t<\/div>\n\t\t\t\t\t<\/div>\n\t\t<\/article>\n\t\t\t\t<article class=\"elementor-post elementor-grid-item post-5644 post type-post status-publish format-standard has-post-thumbnail hentry category-tillganglighet category-affar category-lagkrav\" role=\"listitem\">\n\t\t\t<div class=\"elementor-post__card\">\n\t\t\t\t<a class=\"elementor-post__thumbnail__link\" href=\"https:\/\/selma.se\/fi\/artiklar\/var-resa-for-digital-tillganglighet-vaxlar-upp\/\" tabindex=\"-1\"><div class=\"elementor-post__thumbnail\"><img loading=\"lazy\" decoding=\"async\" width=\"800\" height=\"534\" src=\"https:\/\/selma.se\/wp-content\/uploads\/2026\/06\/IMG_8042-edited-1024x683.jpg\" class=\"attachment-large size-large wp-image-5682\" alt=\"\" srcset=\"https:\/\/selma.se\/wp-content\/uploads\/2026\/06\/IMG_8042-edited-1024x683.jpg 1024w, https:\/\/selma.se\/wp-content\/uploads\/2026\/06\/IMG_8042-edited-300x200.jpg 300w, https:\/\/selma.se\/wp-content\/uploads\/2026\/06\/IMG_8042-edited-768x512.jpg 768w, https:\/\/selma.se\/wp-content\/uploads\/2026\/06\/IMG_8042-edited-1536x1024.jpg 1536w, https:\/\/selma.se\/wp-content\/uploads\/2026\/06\/IMG_8042-edited-2048x1365.jpg 2048w\" sizes=\"(max-width: 800px) 100vw, 800px\" \/><\/div><\/a>\n\t\t\t\t<div class=\"elementor-post__badge\">Saavutettavuus<\/div>\n\t\t\t\t<div class=\"elementor-post__text\">\n\t\t\t\t<h3 class=\"elementor-post__title\">\n\t\t\t<a href=\"https:\/\/selma.se\/fi\/artiklar\/var-resa-for-digital-tillganglighet-vaxlar-upp\/\">\n\t\t\t\tMatkamme kohti digitaalista saavutettavuutta ottaa kierroksia\t\t\t<\/a>\n\t\t<\/h3>\n\t\t\t\t<div class=\"elementor-post__excerpt\">\n\t\t\t<p>Digitaalinen syrj\u00e4syys on edelleen yksi aikamme suurimmista, n\u00e4kym\u00e4tt\u00f6mist\u00e4 ongelmista, sill\u00e4 l\u00e4hes 96 prosenttia maailman johtavista sivustoista sulkee ihmisi\u00e4 ulkopuolelle tarpeettomasti. Perustamisestamme vuodesta 2023 l\u00e4htien me Selmalla olemme ty\u00f6skennelleet t\u00e4m\u00e4n muuttamiseksi yhdess\u00e4 yli 250 asiakkaan kanssa. Nyt otamme matkallamme seuraavan suuren harppauksen sijoittajien kanssa, jotka jakavat visiomme. N\u00e4iden investointien my\u00f6t\u00e4 saamme voimaa jatkaa kehittymist\u00e4mme ja tehd\u00e4 viel\u00e4 suuremman vaikutuksen saavutettavan internetin puolesta.<\/p>\n\t\t<\/div>\n\t\t\n\t\t<a class=\"elementor-post__read-more\" href=\"https:\/\/selma.se\/fi\/artiklar\/var-resa-for-digital-tillganglighet-vaxlar-upp\/\" aria-label=\"Lue lis\u00e4\u00e4 aiheesta V\u00e5r resa f\u00f6r digital tillg\u00e4nglighet v\u00e4xlar upp\" tabindex=\"-1\">\n\t\t\tLue lis\u00e4\u00e4 \u00bb\t\t<\/a>\n\n\t\t\t\t<\/div>\n\t\t\t\t\t<\/div>\n\t\t<\/article>\n\t\t\t\t<article class=\"elementor-post elementor-grid-item post-4057 post type-post status-publish format-standard hentry category-praktiska-tips\" role=\"listitem\">\n\t\t\t<div class=\"elementor-post__card\">\n\t\t\t\t<div class=\"elementor-post__text\">\n\t\t\t\t<h3 class=\"elementor-post__title\">\n\t\t\t<a href=\"https:\/\/selma.se\/fi\/artiklar\/klarsprak-gor-webben-mer-inkluderande\/\">\n\t\t\t\tSelkokieli verkossa: n\u00e4in kirjoitat tekstej\u00e4, joita ymm\u00e4rt\u00e4\u00e4 useampi\t\t\t<\/a>\n\t\t<\/h3>\n\t\t\t\t<div class=\"elementor-post__excerpt\">\n\t\t\t<p>Verkkoinklusiivisuus ei liity pelk\u00e4st\u00e4\u00e4n tekniikkaan \u2013 kyse on my\u00f6s siit\u00e4, ett\u00e4 ihmiset todella ymm\u00e4rt\u00e4v\u00e4t sis\u00e4ll\u00f6n. Selkokieli verkossa mahdollistaa sen, ett\u00e4 yh\u00e4 useampi voi omaksua tietoa, tehd\u00e4 p\u00e4\u00e4t\u00f6ksi\u00e4 ja suorittaa teht\u00e4vi\u00e4 itsen\u00e4isesti. T\u00e4ss\u00e4 artikkelissa k\u00e4ymme l\u00e4pi 5 konkreettista s\u00e4\u00e4nt\u00f6\u00e4, joilla on suurin merkitys \u2013 aina siit\u00e4, miten kirjoitat t\u00e4rkeimm\u00e4t asiat ensin, siihen, miksi selke\u00e4t painiketekstit voivat muuttaa koko k\u00e4ytt\u00f6kokemuksen.<\/p>\n\t\t<\/div>\n\t\t\n\t\t<a class=\"elementor-post__read-more\" href=\"https:\/\/selma.se\/fi\/artiklar\/klarsprak-gor-webben-mer-inkluderande\/\" aria-label=\"Lue lis\u00e4\u00e4 aiheesta Klarspr\u00e5k p\u00e5 webben: s\u00e5 g\u00f6r du text som fler f\u00f6rst\u00e5r\" tabindex=\"-1\">\n\t\t\tLue lis\u00e4\u00e4 \u00bb\t\t<\/a>\n\n\t\t\t\t<\/div>\n\t\t\t\t\t<\/div>\n\t\t<\/article>\n\t\t\t\t<\/div>\n\t\t\n\t\t\t\t<div class=\"e-load-more-anchor\" data-page=\"1\" data-max-page=\"3\" data-next-page=\"https:\/\/selma.se\/fi\/wp-json\/wp\/v2\/pages\/348\/page\/2\/\"><\/div>\n\t\t\t\t<nav class=\"elementor-pagination\" aria-label=\"Sivutus\">\n\t\t\t<span aria-current=\"page\" class=\"page-numbers current\"><span class=\"elementor-screen-only\">Sivu<\/span>1<\/span>\n<a class=\"page-numbers\" href=\"https:\/\/selma.se\/fi\/wp-json\/wp\/v2\/pages\/348\/page\/2\/\"><span class=\"elementor-screen-only\">Sivu<\/span>2<\/a>\n<a class=\"page-numbers\" href=\"https:\/\/selma.se\/fi\/wp-json\/wp\/v2\/pages\/348\/page\/3\/\"><span class=\"elementor-screen-only\">Sivu<\/span>3<\/a>\t\t<\/nav>\n\t\t\t\t\t\t<\/div>\n\t\t\t\t<\/div>\n\t\t\t\t<\/div>\n\t\t\t\t\t<\/div>\n\t\t\t\t<\/div>\n\t\t\t\t<\/div>","protected":false},"excerpt":{"rendered":"<p>Selmas blogi digitaalisesta saavutettavuudesta. Oppaita, uutisia ja k\u00e4yt\u00e4nn\u00f6n vinkkej\u00e4 verkkosaavutettavuudesta ja WCAG:sta. T\u00e4\u00e4lt\u00e4 l\u00f6yd\u00e4t konkreettisia neuvoja siit\u00e4, miten teet verkkosivustostasi saavutettavamman useammille.<\/p>","protected":false},"author":1,"featured_media":0,"parent":0,"menu_order":0,"comment_status":"closed","ping_status":"closed","template":"","meta":{"_acf_changed":false,"footnotes":""},"class_list":["post-348","page","type-page","status-publish","hentry"],"acf":[],"_links":{"self":[{"href":"https:\/\/selma.se\/fi\/wp-json\/wp\/v2\/pages\/348","targetHints":{"allow":["GET"]}}],"collection":[{"href":"https:\/\/selma.se\/fi\/wp-json\/wp\/v2\/pages"}],"about":[{"href":"https:\/\/selma.se\/fi\/wp-json\/wp\/v2\/types\/page"}],"author":[{"embeddable":true,"href":"https:\/\/selma.se\/fi\/wp-json\/wp\/v2\/users\/1"}],"replies":[{"embeddable":true,"href":"https:\/\/selma.se\/fi\/wp-json\/wp\/v2\/comments?post=348"}],"version-history":[{"count":25,"href":"https:\/\/selma.se\/fi\/wp-json\/wp\/v2\/pages\/348\/revisions"}],"predecessor-version":[{"id":5889,"href":"https:\/\/selma.se\/fi\/wp-json\/wp\/v2\/pages\/348\/revisions\/5889"}],"wp:attachment":[{"href":"https:\/\/selma.se\/fi\/wp-json\/wp\/v2\/media?parent=348"}],"curies":[{"name":"hyvin pelattu","href":"https:\/\/api.w.org\/{rel}","templated":true}]}}